{"id":9312,"date":"2023-02-21T08:46:15","date_gmt":"2023-02-21T08:46:15","guid":{"rendered":"https:\/\/periodismomachista.com\/?page_id=9312"},"modified":"2024-12-11T01:52:42","modified_gmt":"2024-12-11T01:52:42","slug":"zertan-datza-behatokia","status":"publish","type":"page","link":"https:\/\/periodismomachista.com\/eu\/zertan-datza-behatokia\/","title":{"rendered":"Zertan datza Behatokia"},"content":{"rendered":"<section class=\"l-section wpb_row height_small\"><div class=\"l-section-h i-cf\"><div class=\"g-cols vc_row via_grid cols_1-4-1 laptops-cols_inherit tablets-cols_inherit mobiles-cols_1 valign_top type_default stacking_default\"><div class=\"wpb_column vc_column_container\"><div class=\"vc_column-inner\"><\/div><\/div><div class=\"wpb_column vc_column_container\"><div class=\"vc_column-inner\"><div class=\"wpb_text_column\"><div class=\"wpb_wrapper\"><h2>Zertan datza Behatokia?<\/h2>\n<\/div><\/div><div class=\"w-separator size_medium\"><\/div><div class=\"wpb_text_column\"><div class=\"wpb_wrapper\"><p>Kazetaritza Matxistaren Behatokiak komunikabideetan gertatzen diren <strong>kazetaritza matxistaren kasuak detektatu eta argitaratzen ditu<\/strong>. Horretarako, detekzio-sistema propio iraunkor bat jarri dugu martxan, herritarrek salaketak bidaltzeko postontzi batekin osatzen dena.<\/p>\n<p>Kazetaritza matxistako kasuen argitalpena ez da salaketa soilera mugatzen. Bokazio didaktiko eta eraikitzailearekin sortzen da, komunikazioan aritzen den edonork aplika ditzakeen berdintasunezko alternatibak eskaintzeko. <strong>Proposamenek praktikoak eta eraginkorrak izan nahi dute<\/strong>.<\/p>\n<p>Protokolo honen funtsa:<\/p>\n<blockquote>\n<p>Kazetaritza matxistako kasu guztiak modu kategorizatuan detektatu eta argitaratzea, azalpen batekin batera: zergatik da matxista argitalpen hau? Zer egin du hedabideak? Nola zuzendu liteke? Horretarako, Behatokiak webgune hau du, baita sare sozialak ere (<a href=\"http:\/\/www.instagram.com\/periodismomachista\">Instagram<\/a>, <a href=\"http:\/\/www.twitter.com\/pemachista\">Twitter<\/a> eta <a href=\"http:\/\/www.tiktok.com\/periodismomachista\">TikTok<\/a>), kasu horiek jakinarazteko.<\/p>\n<\/blockquote>\n<p>Proiektu hau UPV\/EHUko <a href=\"https:\/\/www.ehu.eus\/eu\/web\/ikerketaren-kudeaketa\/-\/ues-upv-ehu-2023\">Unibertsitatea-Enpresa-Gizartea<\/a> deialdiaren barruan dago. Deialdi horrek kalitatezko ikerketa bultzatzen du eta ezagutzaren transferentzia bultzatzen du. Unibertsitateko <a href=\"http:\/\/www.bitartez.com\">Bitartez ikerketa-taldeak<\/a> (euskal unibertsitate-sistemak A motakotzat aitortua) eta <a href=\"http:\/\/www.pikaramagazine.com\">Pikara Magazine<\/a> Kazetari-Emakumeen Elkarteak (feminismoei buruzko komunikabiderik irakurriena gaztelaniaz) elkarrekin egindako lana da.<\/p>\n<\/div><\/div><div class=\"w-separator size_medium\"><\/div><div class=\"wpb_text_column\"><div class=\"wpb_wrapper\"><h2 class=\"wp-block-heading\">Zergatik Behatokia?<\/h2>\n<\/div><\/div><div class=\"w-separator size_medium\"><\/div><div class=\"w-tabs style_default switch_click accordion has_scrolling\" style=\"--sections-title-size:inherit\"><div class=\"w-tabs-sections titles-align_none icon_chevron cpos_right\"><div class=\"w-tabs-section\" id=\"g02e\"><button class=\"w-tabs-section-header\" aria-controls=\"content-g02e\" aria-expanded=\"false\"><div class=\"w-tabs-section-title\">Kazetaritzaren ardura bat<\/div><div class=\"w-tabs-section-control\"><\/div><\/button><div  class=\"w-tabs-section-content\" id=\"content-g02e\"><div class=\"w-tabs-section-content-h i-cf\"><div class=\"wpb_text_column\"><div class=\"wpb_wrapper\"><p>Kazetaritzak ez du errealitatea bakarrik azaltzen, eraiki ere egiten du. Komunikabideek aukeratzen dute egunero gertatzen diren milaka ekitaldietatik zein den albiste izatea merezi duena, eta aukeratzen dute ekitaldi bakoitza nola tratatu. Badira ispilua non gizartea isladatzen den. Horrela, <strong>elkarrizketa publikoa egunero webgune, egunkari, irrati eta telebistek hartzen dituzten erabaki editorialen mende dago, neurri handi batean.<\/strong><\/p>\n<p>Horregatik, funtsezkoa da komunikabideek gizarte-eskubide guztiekin konpromisoa hartzea, baita genero-berdintasunarekin ere. Justizia sozial hutsagatik da, baina baita <strong>kazetaritza matxista kazetaritza txarra delako<\/strong> ere. Kazetaritza matxista batek ez du ekitatez islatuko mundu bat non emakumeek gizarte osoaren erdia izan behar duten.<\/p>\n<\/div><\/div><\/div><\/div><\/div><div class=\"w-tabs-section\" id=\"i21b\"><button class=\"w-tabs-section-header\" aria-controls=\"content-i21b\" aria-expanded=\"false\"><div class=\"w-tabs-section-title\">Konpromiso publikoa<\/div><div class=\"w-tabs-section-control\"><\/div><\/button><div  class=\"w-tabs-section-content\" id=\"content-i21b\"><div class=\"w-tabs-section-content-h i-cf\"><div class=\"wpb_text_column\"><div class=\"wpb_wrapper\"><p>Espainian, Konstituzioak <strong>generoarengatik diskriminazio mota oro debekatzen du<\/strong>, baina lege bultzadarik sendoena Emakumeen eta Gizonen Berdintasun Eragingarrirako Lege Organikoa izan zen. Bertan eta ondorengo eguneraketetan definitu zen nola lortu behar zen emakumeen eta gizonen arteko berdintasun-printzipioa gizartean: tratu- eta aukera-berdintasunaren bidez enplegua lortzean, prestakuntzan, lanbide-sustapenean eta lan-baldintzetan, horrela, edozein genero-arrakala murrizten hasteko eta, azkenik, ezabatzeko.<\/p>\n<p>1995eko Beijingo Adierazpenean eta Ekintzaren aldeko Plataforman, 189 herrialdetako ordezkariek <strong>aitortu zuten komunikabideek genero-berdintasuna eta aniztasuna eremu guztietan sustatzeko duten ahalmena<\/strong>. 2011n, Europako Kontseiluko 45 herrialdek Istanbulgo Hitzarmena sinatu zuten. Horren bidez, konpromisoa hartu zuten komunikabideei dagokienez \u00abpolitikak egin eta aplikatzeko, bai eta emakumeen aurkako indarkeria prebenitzeko eta haien duintasunaren errespetua indartzeko gidalerroak eta autoerregulazio-arauak ezartzeko ere\u00bb.<\/p>\n<p>Kazetaritza beti izango da sortzen den gizartea bezain matxista, baina <strong>kazetaritza aldatzen bada, gizartea bera aldatzen lagunduko duen palanka izan daiteke.<\/strong> Bitartekoak funtsezko pieza izan daitezke eta izan behar dira emakumeen eta gizonen arteko aukera-desberdintasuna murrizteko.<\/p>\n<\/div><\/div><\/div><\/div><\/div><div class=\"w-tabs-section\" id=\"d3f0\"><button class=\"w-tabs-section-header\" aria-controls=\"content-d3f0\" aria-expanded=\"false\"><div class=\"w-tabs-section-title\">Gizartearen eskaria<\/div><div class=\"w-tabs-section-control\"><\/div><\/button><div  class=\"w-tabs-section-content\" id=\"content-d3f0\"><div class=\"w-tabs-section-content-h i-cf\"><div class=\"wpb_text_column\"><div class=\"wpb_wrapper\"><p><strong>Gizarte zibilak erakunde publikoei eskatzen die inplika daitezela<\/strong> komunikabideetan genero-berdintasuna sustatzen. Helburua argia da: b<strong>ere burua parametro feministetan azaltzen duen gizarte bat, gizarte bidezkoagoa izango da nahitaez.<\/strong><\/p>\n<p>Emakume feminista, kazetari eta komunikazioko profesionalen<a href=\"https:\/\/twitter.com\/comunicadoras8m\"> &#8220;M8 komunikatzaileak&#8221;<\/a> plataforma independenteak <strong>2022ko mobilizazioetan albiste matxisten behatoki bat sortzeko eskatu zuen.<\/strong> Emakumearen Nazioarteko Egunaren harira zabaldutako <a href=\"https:\/\/sites.google.com\/view\/comunicadoras8m\">&#8220;Kazetaritza duin eta feministaren alde eta komunikabideetan ordezkaritza parekideak izatearen alde&#8221;<\/a> manifestuan egin zuen. Adierazpen horretan, profesionalek eskatu zuten albiste matxisten behatoki bat sortzea, ikuspegi partzialak eta diskriminatzaileak salatzeko.<\/p>\n<\/div><\/div><\/div><\/div><\/div><div class=\"w-tabs-section\" id=\"m573\"><button class=\"w-tabs-section-header\" aria-controls=\"content-m573\" aria-expanded=\"false\"><div class=\"w-tabs-section-title\">Helburu komun bat<\/div><div class=\"w-tabs-section-control\"><\/div><\/button><div  class=\"w-tabs-section-content\" id=\"content-m573\"><div class=\"w-tabs-section-content-h i-cf\"><div class=\"wpb_text_column\"><div class=\"wpb_wrapper\"><p><strong>Unibertsitate publikoa eragile aktiboa da, eta arlo horretan ekarpen handia egin behar du<\/strong>, ez bakarrik ikerketan eta salaketan, baita berdintasuna helburu duen komunikazioa errazteko irtenbideak eskaintzen ere. Unibertsitateak zerikusia duten eragile guztien (komunikabideak, kazetariak, erakunde publikoak&#8230;) lotura izan nahi du prestakuntza eta ikerketa lanetan.<\/p>\n<\/div><\/div><\/div><\/div><\/div><div class=\"w-tabs-section\" id=\"c73d\"><button class=\"w-tabs-section-header\" aria-controls=\"content-c73d\" aria-expanded=\"false\"><div class=\"w-tabs-section-title\">Elkargune bat<\/div><div class=\"w-tabs-section-control\"><\/div><\/button><div  class=\"w-tabs-section-content\" id=\"content-c73d\"><div class=\"w-tabs-section-content-h i-cf\"><div class=\"wpb_text_column\"><div class=\"wpb_wrapper\"><div class=\"wp-block-themeisle-blocks-accordion-item__content\">\n<p>Kazetaritza Matxistaren aurkako Behatokia helburu partekatu hori lortzeko komunikazio-politika eraginkorrenak definitzeko eta sustatzeko <strong>topagune gisa sortu da<\/strong>. <strong>Askotariko eragileen eta helburu komun baten arteko elkargunea<\/strong> izan nahi du. Horregatik, hasieratik planteatu genuen proiektu hau beraiena egingo duten beste erakunde batzuk inplikatzea. Behatokiak zentzua du soilik gai bada gizarte zibilaren maila zabalak helburu partekatu batean mobilizatzeko.<\/p>\n<ul>\n<li>Komunikabide aliatuak<\/li>\n<li>Genero-berdintasunean inplikatutako enpresekiko akordioak<\/li>\n<li>Akordioak beste erakunde publiko batzuekin<\/li>\n<\/ul>\n<\/div>\n<\/div><\/div><\/div><\/div><\/div><\/div><\/div><div class=\"w-separator size_medium\"><\/div><div class=\"g-cols wpb_row via_grid cols_1 laptops-cols_inherit tablets-cols_inherit mobiles-cols_1 valign_top type_default stacking_default\" style=\"--gap:3rem;\"><div class=\"wpb_column vc_column_container\"><div class=\"vc_column-inner\"><div class=\"wpb_text_column\"><div class=\"wpb_wrapper\"><h2 class=\"wp-block-heading\">Lantaldea<\/h2>\n<\/div><\/div><div class=\"w-separator size_medium\"><\/div><div class=\"wpb_text_column\"><div class=\"wpb_wrapper\"><h4 class=\"wp-block-heading\">Bitartez,\u00a0 UPV\/EHUko ikerketa taldea<br \/><a href=\"https:\/\/www.bitartez.eus\/\">www.bitartez.eus<\/a><\/h4>\n<\/div><\/div><div class=\"w-separator size_medium\"><\/div><div class=\"wpb_text_column\"><div class=\"wpb_wrapper\"><ul>\n<li><strong>Angeri\u00f1e Elorriaga Illera<\/strong>, Ikus-entzunezko Komunikazio eta Publizitate Saileko irakasle agregatua<\/li>\n<li><strong>Iker Merch\u00e1n Mota<\/strong>, Kazetaritza saileko irakasle agregatua<\/li>\n<li><strong>Amaia Garc\u00eda Azpuru<\/strong>, Ekonomia Aplikatua saileko irakasle atxikia<\/li>\n<li><strong>Mar\u00eda Ruiz Aranguren<\/strong>, Kazetaritza saileko irakasle atxikia<\/li>\n<li><strong>Reyes Prados Rodr\u00edguez<\/strong>, Kazetaritza saileko irakasle elkartua<\/li>\n<li>Claudia Taboada Castell, Kazetaritza saileko doktoratu aurreko ikertzailea<\/li>\n<li><strong>Andrea Larrinaga L\u00f3pez<\/strong>, Gizarte eta Komunikazio Zientzien Fakultateko ikertzailea<\/li>\n<\/ul>\n<\/div><\/div><div class=\"w-separator size_medium\"><\/div><div class=\"wpb_text_column\"><div class=\"wpb_wrapper\"><h4>Pikara Magazine Kazetari-Emakumeen Elkartea <a href=\"https:\/\/www.pikaramagazine.com\/\">www.pikaramagazine.com<\/a><\/h4>\n<\/div><\/div><div class=\"w-separator size_medium\"><\/div><div class=\"wpb_text_column\"><div class=\"wpb_wrapper\"><ul>\n<li><strong>Mar\u00eda \u00c1ngeles Fern\u00e1ndez<\/strong>, koordinatzailea<\/li>\n<li><strong>Teresa Villaverde Mart\u00ednez<\/strong>, koordinatzailea<strong><br \/><\/strong><\/li>\n<\/ul>\n<\/div><\/div><\/div><\/div><\/div><\/div><\/div><div class=\"wpb_column vc_column_container\"><div class=\"vc_column-inner\"><\/div><\/div><\/div><\/div><\/section>","protected":false},"excerpt":{"rendered":"Zertan datza Behatokia? Kazetaritza Matxistaren Behatokiak komunikabideetan gertatzen diren kazetaritza matxistaren kasuak detektatu eta argitaratzen ditu. Horretarako, detekzio-sistema propio iraunkor bat jarri dugu martxan, herritarrek salaketak bidaltzeko postontzi batekin osatzen dena. Kazetaritza matxistako kasuen argitalpena ez da salaketa soilera mugatzen. Bokazio didaktiko eta eraikitzailearekin sortzen da, komunikazioan aritzen den edonork aplika ditzakeen berdintasunezko alternatibak eskaintzeko....","protected":false},"author":2,"featured_media":0,"parent":0,"menu_order":0,"comment_status":"closed","ping_status":"closed","template":"","meta":{"_acf_changed":false,"footnotes":""},"class_list":["post-9312","page","type-page","status-publish","hentry"],"acf":[],"yoast_head":"<!-- This site is optimized with the Yoast SEO plugin v27.5 - https:\/\/yoast.com\/product\/yoast-seo-wordpress\/ -->\n<title>Zertan datza Behatokia - Observatorio del Periodismo Machista<\/title>\n<meta name=\"robots\" content=\"index, follow, max-snippet:-1, max-image-preview:large, max-video-preview:-1\" \/>\n<link rel=\"canonical\" href=\"https:\/\/periodismomachista.com\/eu\/zertan-datza-behatokia\/\" \/>\n<meta property=\"og:locale\" content=\"eu_ES\" \/>\n<meta property=\"og:type\" content=\"article\" \/>\n<meta property=\"og:title\" content=\"Zertan datza Behatokia - Observatorio del Periodismo Machista\" \/>\n<meta property=\"og:url\" content=\"https:\/\/periodismomachista.com\/eu\/zertan-datza-behatokia\/\" \/>\n<meta property=\"og:site_name\" content=\"Observatorio del Periodismo Machista\" \/>\n<meta property=\"article:modified_time\" content=\"2024-12-11T01:52:42+00:00\" \/>\n<meta name=\"twitter:card\" content=\"summary_large_image\" \/>\n<meta name=\"twitter:site\" content=\"@pemachista\" \/>\n<meta name=\"twitter:label1\" content=\"Est. reading time\" \/>\n\t<meta name=\"twitter:data1\" content=\"4 minutes\" \/>\n<script type=\"application\/ld+json\" class=\"yoast-schema-graph\">{\"@context\":\"https:\\\/\\\/schema.org\",\"@graph\":[{\"@type\":\"WebPage\",\"@id\":\"https:\\\/\\\/periodismomachista.com\\\/eu\\\/zertan-datza-behatokia\\\/\",\"url\":\"https:\\\/\\\/periodismomachista.com\\\/eu\\\/zertan-datza-behatokia\\\/\",\"name\":\"Zertan datza Behatokia - Observatorio del Periodismo Machista\",\"isPartOf\":{\"@id\":\"https:\\\/\\\/periodismomachista.com\\\/eu\\\/#website\"},\"datePublished\":\"2023-02-21T08:46:15+00:00\",\"dateModified\":\"2024-12-11T01:52:42+00:00\",\"breadcrumb\":{\"@id\":\"https:\\\/\\\/periodismomachista.com\\\/eu\\\/zertan-datza-behatokia\\\/#breadcrumb\"},\"inLanguage\":\"eu-ES\",\"potentialAction\":[{\"@type\":\"ReadAction\",\"target\":[\"https:\\\/\\\/periodismomachista.com\\\/eu\\\/zertan-datza-behatokia\\\/\"]}]},{\"@type\":\"BreadcrumbList\",\"@id\":\"https:\\\/\\\/periodismomachista.com\\\/eu\\\/zertan-datza-behatokia\\\/#breadcrumb\",\"itemListElement\":[{\"@type\":\"ListItem\",\"position\":1,\"name\":\"Portada\",\"item\":\"https:\\\/\\\/periodismomachista.com\\\/eu\\\/\"},{\"@type\":\"ListItem\",\"position\":2,\"name\":\"Zertan datza Behatokia\"}]},{\"@type\":\"WebSite\",\"@id\":\"https:\\\/\\\/periodismomachista.com\\\/eu\\\/#website\",\"url\":\"https:\\\/\\\/periodismomachista.com\\\/eu\\\/\",\"name\":\"Observatorio del Periodismo Machista\",\"description\":\"\",\"publisher\":{\"@id\":\"https:\\\/\\\/periodismomachista.com\\\/eu\\\/#organization\"},\"potentialAction\":[{\"@type\":\"SearchAction\",\"target\":{\"@type\":\"EntryPoint\",\"urlTemplate\":\"https:\\\/\\\/periodismomachista.com\\\/eu\\\/?s={search_term_string}\"},\"query-input\":{\"@type\":\"PropertyValueSpecification\",\"valueRequired\":true,\"valueName\":\"search_term_string\"}}],\"inLanguage\":\"eu-ES\"},{\"@type\":\"Organization\",\"@id\":\"https:\\\/\\\/periodismomachista.com\\\/eu\\\/#organization\",\"name\":\"Observatorio del Periodismo Machista\",\"url\":\"https:\\\/\\\/periodismomachista.com\\\/eu\\\/\",\"logo\":{\"@type\":\"ImageObject\",\"inLanguage\":\"eu-ES\",\"@id\":\"https:\\\/\\\/periodismomachista.com\\\/eu\\\/#\\\/schema\\\/logo\\\/image\\\/\",\"url\":\"https:\\\/\\\/periodismomachista.com\\\/wp-content\\\/uploads\\\/2024\\\/03\\\/ALTA-cuadradoOK-pmachista.png\",\"contentUrl\":\"https:\\\/\\\/periodismomachista.com\\\/wp-content\\\/uploads\\\/2024\\\/03\\\/ALTA-cuadradoOK-pmachista.png\",\"width\":838,\"height\":838,\"caption\":\"Observatorio del Periodismo Machista\"},\"image\":{\"@id\":\"https:\\\/\\\/periodismomachista.com\\\/eu\\\/#\\\/schema\\\/logo\\\/image\\\/\"},\"sameAs\":[\"https:\\\/\\\/x.com\\\/pemachista\",\"https:\\\/\\\/www.tiktok.com\\\/@periodismomachista\",\"https:\\\/\\\/www.instagram.com\\\/periodismomachista\"]}]}<\/script>\n<!-- \/ Yoast SEO plugin. -->","yoast_head_json":{"title":"Zertan datza Behatokia - Observatorio del Periodismo Machista","robots":{"index":"index","follow":"follow","max-snippet":"max-snippet:-1","max-image-preview":"max-image-preview:large","max-video-preview":"max-video-preview:-1"},"canonical":"https:\/\/periodismomachista.com\/eu\/zertan-datza-behatokia\/","og_locale":"eu_ES","og_type":"article","og_title":"Zertan datza Behatokia - Observatorio del Periodismo Machista","og_url":"https:\/\/periodismomachista.com\/eu\/zertan-datza-behatokia\/","og_site_name":"Observatorio del Periodismo Machista","article_modified_time":"2024-12-11T01:52:42+00:00","twitter_card":"summary_large_image","twitter_site":"@pemachista","twitter_misc":{"Est. reading time":"4 minutes"},"schema":{"@context":"https:\/\/schema.org","@graph":[{"@type":"WebPage","@id":"https:\/\/periodismomachista.com\/eu\/zertan-datza-behatokia\/","url":"https:\/\/periodismomachista.com\/eu\/zertan-datza-behatokia\/","name":"Zertan datza Behatokia - Observatorio del Periodismo Machista","isPartOf":{"@id":"https:\/\/periodismomachista.com\/eu\/#website"},"datePublished":"2023-02-21T08:46:15+00:00","dateModified":"2024-12-11T01:52:42+00:00","breadcrumb":{"@id":"https:\/\/periodismomachista.com\/eu\/zertan-datza-behatokia\/#breadcrumb"},"inLanguage":"eu-ES","potentialAction":[{"@type":"ReadAction","target":["https:\/\/periodismomachista.com\/eu\/zertan-datza-behatokia\/"]}]},{"@type":"BreadcrumbList","@id":"https:\/\/periodismomachista.com\/eu\/zertan-datza-behatokia\/#breadcrumb","itemListElement":[{"@type":"ListItem","position":1,"name":"Portada","item":"https:\/\/periodismomachista.com\/eu\/"},{"@type":"ListItem","position":2,"name":"Zertan datza Behatokia"}]},{"@type":"WebSite","@id":"https:\/\/periodismomachista.com\/eu\/#website","url":"https:\/\/periodismomachista.com\/eu\/","name":"Observatorio del Periodismo Machista","description":"","publisher":{"@id":"https:\/\/periodismomachista.com\/eu\/#organization"},"potentialAction":[{"@type":"SearchAction","target":{"@type":"EntryPoint","urlTemplate":"https:\/\/periodismomachista.com\/eu\/?s={search_term_string}"},"query-input":{"@type":"PropertyValueSpecification","valueRequired":true,"valueName":"search_term_string"}}],"inLanguage":"eu-ES"},{"@type":"Organization","@id":"https:\/\/periodismomachista.com\/eu\/#organization","name":"Observatorio del Periodismo Machista","url":"https:\/\/periodismomachista.com\/eu\/","logo":{"@type":"ImageObject","inLanguage":"eu-ES","@id":"https:\/\/periodismomachista.com\/eu\/#\/schema\/logo\/image\/","url":"https:\/\/periodismomachista.com\/wp-content\/uploads\/2024\/03\/ALTA-cuadradoOK-pmachista.png","contentUrl":"https:\/\/periodismomachista.com\/wp-content\/uploads\/2024\/03\/ALTA-cuadradoOK-pmachista.png","width":838,"height":838,"caption":"Observatorio del Periodismo Machista"},"image":{"@id":"https:\/\/periodismomachista.com\/eu\/#\/schema\/logo\/image\/"},"sameAs":["https:\/\/x.com\/pemachista","https:\/\/www.tiktok.com\/@periodismomachista","https:\/\/www.instagram.com\/periodismomachista"]}]}},"_links":{"self":[{"href":"https:\/\/periodismomachista.com\/eu\/wp-json\/wp\/v2\/pages\/9312","targetHints":{"allow":["GET"]}}],"collection":[{"href":"https:\/\/periodismomachista.com\/eu\/wp-json\/wp\/v2\/pages"}],"about":[{"href":"https:\/\/periodismomachista.com\/eu\/wp-json\/wp\/v2\/types\/page"}],"author":[{"embeddable":true,"href":"https:\/\/periodismomachista.com\/eu\/wp-json\/wp\/v2\/users\/2"}],"replies":[{"embeddable":true,"href":"https:\/\/periodismomachista.com\/eu\/wp-json\/wp\/v2\/comments?post=9312"}],"version-history":[{"count":9,"href":"https:\/\/periodismomachista.com\/eu\/wp-json\/wp\/v2\/pages\/9312\/revisions"}],"predecessor-version":[{"id":10754,"href":"https:\/\/periodismomachista.com\/eu\/wp-json\/wp\/v2\/pages\/9312\/revisions\/10754"}],"wp:attachment":[{"href":"https:\/\/periodismomachista.com\/eu\/wp-json\/wp\/v2\/media?parent=9312"}],"curies":[{"name":"wp","href":"https:\/\/api.w.org\/{rel}","templated":true}]}}