{"id":12471,"date":"2025-11-18T15:11:21","date_gmt":"2025-11-18T15:11:21","guid":{"rendered":"https:\/\/periodismomachista.com\/?page_id=12471"},"modified":"2026-03-23T11:05:17","modified_gmt":"2026-03-23T11:05:17","slug":"consejos","status":"publish","type":"page","link":"https:\/\/periodismomachista.com\/eu\/consejos\/","title":{"rendered":"Claves para un periodismo libre de machismo"},"content":{"rendered":"<h1>Claves para un periodismo libre de machismo<\/h1>\n<h2 id=\"1\"><span style=\"font-weight: 400;\">Tipo 1- Uso problem\u00e1tico de la palabra \u2018mujer\u2019<\/span><\/h2>\n<ul>\n<li style=\"font-weight: 400;\" aria-level=\"1\"><span style=\"font-weight: 400;\">No abusaremos de la f\u00f3rmula \u00abla primera mujer que\u2026\u00bb, para evitar el s\u00edndrome de la eterna pionera.<\/span><\/li>\n<li style=\"font-weight: 400;\" aria-level=\"1\"><span style=\"font-weight: 400;\">Incluiremos en el titular y en el subt\u00edtulo informaci\u00f3n relevante que d\u00e9 m\u00e1s pistas sobre el perfil de la protagonista, en vez de hablar de ella como \u00abla mujer que\u00bb.<\/span><\/li>\n<li style=\"font-weight: 400;\" aria-level=\"1\"><span style=\"font-weight: 400;\">Incluiremos en el titular los nombres y apellidos de las mujeres que son noticia por un logro individual, para visualizarlas en vez de diluirlas como parte del g\u00e9nero femenino.<\/span><\/li>\n<li style=\"font-weight: 400;\" aria-level=\"1\"><span style=\"font-weight: 400;\">Cuando el hecho noticioso no sea tanto qui\u00e9n sino qu\u00e9 (<a href=\"https:\/\/periodismomachista.com\/una-mujer-estara-al-frente-del-nuevo-remake-de-la-serie-the-office\/\">recordemos el ejemplo<\/a> de la protagonista en el remake de<\/span><i><span style=\"font-weight: 400;\"> The Office<\/span><\/i><span style=\"font-weight: 400;\">), ese enfoque estar\u00e1 justificado si lo desarrollamos en un texto con perspectiva de g\u00e9nero en el que expertas interpreten ese hecho, expongan barreras y violencias patriarcales, elementos transformadores, etc\u00e9tera.<\/span><\/li>\n<\/ul>\n<pre><b>Una buena pr\u00e1ctica:\u00a0<\/b>\r\n\r\n<a href=\"https:\/\/www.elcorreo.com\/sociedad\/educacion\/gitanos-queremos-estudiarpero-sistema-pone-trabas-20240419002425-nt.html\"><span style=\"font-weight: 400;\">\u00abLos gitanos queremos estudiar, pero el sistema nos pone trabas\u00bb<\/span><\/a>\r\n\r\n<span style=\"font-weight: 400;\">Esta entrevista en <\/span><i><span style=\"font-weight: 400;\">El Correo <\/span><\/i><span style=\"font-weight: 400;\">de I\u00f1igo Fern\u00e1ndez de Lucio a Violeta P\u00e9rez, la primera mujer gitana graduada en Derecho en la Universidad del Pa\u00eds Vasco, sortea bien el s\u00edndrome de la eterna pionera, porque pone el foco en las barreras que explican que Violeta P\u00e9rez sea noticia por graduarse en Derecho y porque destaca su nombre y apellido en el antet\u00edtulo.<\/span><\/pre>\n<h2 id=\"2\"><span style=\"font-weight: 400;\">Tipo 2- Diferenciar por nomenclatura en la esfera p\u00fablica<\/span><\/h2>\n<ul>\n<li style=\"font-weight: 400;\" aria-level=\"1\"><span style=\"font-weight: 400;\">Nombraremos a todas las personas bajo el mismo criterio: nombre y apellidos o solo apellidos; nunca solo por el nombre de pila.\u00a0<\/span><\/li>\n<li style=\"font-weight: 400;\" aria-level=\"1\"><span style=\"font-weight: 400;\">Ordenaremos los listados de nombres (bibliograf\u00edas, rankings\u2026) tambi\u00e9n mediante un criterio igualitario, sin caer en asimetr\u00edas.\u00a0<\/span><\/li>\n<li style=\"font-weight: 400;\" aria-level=\"1\"><span style=\"font-weight: 400;\">Identificaremos c\u00f3mo esta forma de uso sexista del lenguaje se suma a otras, como la minimizaci\u00f3n de los logros de las mujeres o la cosificaci\u00f3n y \u00e9nfasis en lo superficial.\u00a0<\/span><\/li>\n<\/ul>\n<pre><b>Una buena pr\u00e1ctica:<\/b>\r\n\r\n<a href=\"https:\/\/orain.eus\/es\/politica\/2024\/04\/26\/inigo-urkullu-agradece-a-idoia-mendia-labor-realizada-ultimos-4-anos-hemos-sido-unico-gobierno\/\"><span style=\"font-weight: 400;\">I\u00f1igo Urkullu agradece a Idoia Mendia la labor realizada: \u00abHemos sido un \u00fanico gobierno\u00bb<\/span><\/a>\r\n\r\n<span style=\"font-weight: 400;\">Este titular de la web de EITB nombra de forma sim\u00e9trica a los sujetos de la noticia.<\/span><\/pre>\n<h2 id=\"3\"><span style=\"font-weight: 400;\">Tipo 3- Relacionar el valor de las mujeres con figuras masculinas<\/span><\/h2>\n<ul>\n<li style=\"font-weight: 400;\" aria-level=\"1\"><span style=\"font-weight: 400;\">No desluciremos los logros de las mujeres en la esfera p\u00fablica atribuyendo el m\u00e9rito a figuras masculinas (sus entrenadores, sus asesores\u2026) a no ser que, aplicando la regla de la inversi\u00f3n, tengamos la certeza de que ese enfoque tambi\u00e9n ser\u00eda pertinente si el protagonista de la noticia fuera un hombre.\u00a0<\/span><\/li>\n<li style=\"font-weight: 400;\" aria-level=\"1\"><span style=\"font-weight: 400;\">Renunciaremos al lugar com\u00fan del genio y la musa: en todo caso, nos servir\u00e1 de percha para dignificar a supuestas musas que no fueron suficientemente valoradas por su propia actividad intelectual o art\u00edstica.\u00a0<\/span><\/li>\n<li style=\"font-weight: 400;\" aria-level=\"1\"><span style=\"font-weight: 400;\">Cuando una pareja heterosexual sea protagonista de una noticia, nombraremos a las dos personas de forma igualitaria, en vez de reducir a la mujer a la condici\u00f3n de \u00abpareja de\u00bb.<\/span><\/li>\n<li style=\"font-weight: 400;\" aria-level=\"1\"><span style=\"font-weight: 400;\">En caso de que trabajemos en secciones como Gente y el tipo de noticia sea qui\u00e9n es la pareja o la hija de un famoso, aplicaremos la regla de la inversi\u00f3n para descartar enfoques sexistas. Evitaremos tipos de machismo como el de omitir su nombre en el titular o sexualizar a la susodicha.<\/span><\/li>\n<li style=\"font-weight: 400;\" aria-level=\"1\"><span style=\"font-weight: 400;\">De igual manera, en noticias sobre mujeres que ejercen de acompa\u00f1antes de sus maridos en actos oficiales, como puede ser la figura (oficial o t\u00e1cita) de la \u00abprimera dama\u00bb, aplicaremos la regla de la inversi\u00f3n y evitaremos tipos de machismo como la cosificaci\u00f3n y el \u00e9nfasis en lo superficial. Evitaremos reforzar la narrativa de la esposa trofeo y, por el contrario, destacaremos la individualidad de la protagonista.<\/span><\/li>\n<\/ul>\n<pre><b>Una buena pr\u00e1ctica:<\/b>\r\n\r\n<a href=\"https:\/\/heraldodemexico.com.mx\/mundo\/2024\/6\/5\/que-paso-con-daniel-pession-elisa-arlian-pareja-de-esquiadores-que-murieron-al-caer-de-600-metros-609901.html\"><span style=\"font-weight: 400;\">\u00bfQu\u00e9 pas\u00f3 con Daniel Pession y Elisa Arlian, pareja de esquiadores que murieron al caer de 600 metros? <\/span><\/a>\r\n\r\n<span style=\"font-weight: 400;\">La periodista Tania Ju\u00e1rez, en el Heraldo de M\u00e9xico, se desmarc\u00f3 de los titulares machistas sobre la muerte de \u201cun esquiador y su novia\u201d que obviaron que ella tambi\u00e9n era esquiadora.\r\n\r\n<\/span><\/pre>\n<h2 id=\"4\"><span style=\"font-weight: 400;\">Tipo 4: Invisibilizar o minimizar logros femeninos<\/span><\/h2>\n<ul>\n<li style=\"font-weight: 400;\" aria-level=\"1\"><span style=\"font-weight: 400;\">Identificaremos a tiempos sesgos androc\u00e9ntricos, como decir que dos mujeres astronautas van solas al espacio, en vez de que \u201cvan juntas al espacio\u201d.\u00a0<\/span><\/li>\n<li style=\"font-weight: 400;\" aria-level=\"1\"><span style=\"font-weight: 400;\">No hablaremos de las categor\u00edas masculinas como las universales; por ejemplo, en el caso del deporte, antes de afirmar que Espa\u00f1a ha ganado por primera vez una competici\u00f3n (en referencia al equipo masculino) comprobaremos el palmar\u00e9s del equipo femenino.<\/span><\/li>\n<li style=\"font-weight: 400;\" aria-level=\"1\"><span style=\"font-weight: 400;\">Desterraremos los titulares y las preguntas fr\u00edvolas y superficiales a entrevistadas que no aplicar\u00edamos en el caso de que fueran hombres. En caso de duda, aplicaremos la regla de la inversi\u00f3n para confirmar que no se trata de planteamientos sexistas.\u00a0<\/span><\/li>\n<li style=\"font-weight: 400;\" aria-level=\"1\"><span style=\"font-weight: 400;\">No transmitiremos a la ligera la narrativa de la mujer que es elegida para un puesto de responsabilidad por ser feminista, de una manera que desluzca su trayectoria formativa o profesional, y que refuerce la idea de que llegamos a espacios de notoriedad por cuota o por moda<\/span><\/li>\n<\/ul>\n<h2 id=\"5\"><span style=\"font-weight: 400;\">Tipo <\/span><span style=\"font-weight: 400;\">5- Reforzar los estereotipos de g\u00e9nero<\/span><\/h2>\n<ul>\n<li style=\"font-weight: 400;\" aria-level=\"1\"><span style=\"font-weight: 400;\">Tendremos especial cuidado en no reforzar los roles y estereotipos asignados a las mujeres: la madre-esposa o cuidadora, la dama de hierro, la chica guapa o femme-fatale, la superwoman\u2026<\/span><\/li>\n<li style=\"font-weight: 400;\" aria-level=\"1\"><span style=\"font-weight: 400;\">De igual modo, evitaremos alimentar estereotipos masculinos como el del triunfador o el donjuan, y aplicaremos una mirada cr\u00edtica a los pactos entre caballeros.\u00a0<\/span><\/li>\n<li style=\"font-weight: 400;\" aria-level=\"1\"><span style=\"font-weight: 400;\">Haremos un uso no sexista del lenguaje que evite incurrir en asimetr\u00edas sexistas, como hablar de \u201cm\u00e9dicos y enfermeras\u201d o de \u201cazafatas y pilotos\u201d.\u00a0<\/span><\/li>\n<li style=\"font-weight: 400;\" aria-level=\"1\"><span style=\"font-weight: 400;\">Cuando sea una fuente quien nos transmita una idea estereotipada o un lugar com\u00fan, evitaremos llevarla al titular y \u201ccogerla con pinzas\u201d o, mejor a\u00fan, buscaremos fuentes expertas con perspectiva de g\u00e9nero que puedan desmontar o matizar esa narrativa.<\/span><\/li>\n<\/ul>\n<h2 id=\"6\"><span style=\"font-weight: 400;\">Tipo 6- Cosificaci\u00f3n<\/span><span style=\"font-weight: 400;\"> de las mujeres y \u00e9nfasis en lo superficial<\/span><\/h2>\n<ul>\n<li style=\"font-weight: 400;\" aria-checked=\"false\" aria-level=\"1\"><span style=\"font-weight: 400;\">No convertiremos en noticia el cuerpo o la apariencia de una mujer.<\/span><\/li>\n<li style=\"font-weight: 400;\" aria-checked=\"false\" aria-level=\"1\"><span style=\"font-weight: 400;\">Aplicaremos la regla de la inversi\u00f3n: si los trajes de los pol\u00edticos no son noticia, tampoco lo son los trajes de las pol\u00edticas.<\/span><\/li>\n<li style=\"font-weight: 400;\" aria-checked=\"false\" aria-level=\"1\"><span style=\"font-weight: 400;\">Cuando la regla de la inversi\u00f3n genere dudas, tendremos en cuenta el contexto patriarcal que pesa sobre las mujeres en la vida p\u00fablica: por ejemplo, un reportaje sobre \u201clas futbolistas m\u00e1s sexys\u201d es machista incluso aunque tambi\u00e9n se haga una pieza sobre \u201clos futbolistas m\u00e1s sexys\u201d, porque el deporte femenino sigue estando m\u00e1s desvalorizado y las mujeres estamos m\u00e1s expuestas que los hombres a ese escrutinio y sexualizaci\u00f3n.<\/span><\/li>\n<li style=\"font-weight: 400;\" aria-checked=\"false\" aria-level=\"1\"><span style=\"font-weight: 400;\">Plantearemos titulares que pongan el foco en los m\u00e9ritos y la val\u00eda de las protagonistas, no en aspectos superficiales como sus aficiones o su parecido f\u00edsico hacia una famosa.<\/span><\/li>\n<li style=\"font-weight: 400;\" aria-checked=\"false\" aria-level=\"1\"><span style=\"font-weight: 400;\">Ante ataques machistas a mujeres de la esfera p\u00fablica relacionados con su f\u00edsico o su vestimenta, aprovecharemos esa percha informativa para denunciar ese tipo de machismo, no para analizar ese f\u00edsico o aspecto.\u00a0<\/span><\/li>\n<li style=\"font-weight: 400;\" aria-checked=\"false\" aria-level=\"1\"><span style=\"font-weight: 400;\">No incurriremos en otros ejes de discriminaci\u00f3n (tambi\u00e9n cuando el protagonista es hombre), tales como la gordofobia, el racismo o el edadismo.<\/span><\/li>\n<\/ul>\n<pre><b>Una buena pr\u00e1ctica:<\/b>\r\n\r\n<a href=\"https:\/\/www.lasexta.com\/elecciones\/generales\/feijoo-ataca-yolanda-diaz-comentario-machista-maquillaje-sabe-mucho_2023072064b995e0bcaee000018c0642.html\" target=\"_blank\" rel=\"noopener\">Feij\u00f3o ataca a Yolanda D\u00edaz con un comentario machista: \"De maquillaje sabe mucho\"<\/a>\r\n<span style=\"font-weight: 400;\">\r\nEste titular contundente informa de un ataque machista a una mujer pol\u00edtica en vez de sumarse al escrutinio de sus elecciones est\u00e9ticas.<\/span><\/pre>\n<h2 id=\"7\"><span style=\"font-weight: 400;\">Tipo 7- Culpabilizar a las mujeres de cualquier conflicto<\/span><\/h2>\n<ul>\n<li>No reproduciremos las narrativas machistas de la rivalidad femenina y de que las novias o esposas de hombres de \u00e9xito han truncado sus carreras. Cuando \u00e9stas sean tambi\u00e9n profesionales reconocidas, evitaremos reducirlas al rol de \u201cmujer de\u201d.<\/li>\n<li><span style=\"font-weight: 400;\">En noticias que hagan alusi\u00f3n a choques derivados de las expectativas machistas, buscaremos f\u00f3rmulas para no transmitir una culpabilizaci\u00f3n a las mujeres o al movimiento feminista.<\/span><\/li>\n<li><span style=\"font-weight: 400;\">No presentaremos las medidas de acci\u00f3n positiva como formas de discriminaci\u00f3n contra los hombres blancos heterosexuales.<\/span><\/li>\n<li><span style=\"font-weight: 400;\">En el caso de reportajes relativos al malestar de ciertos hombres hacia el feminismo, contaremos con fuentes expertas en masculinidades y feminismo para contextualizar la queja de forma cr\u00edtica.<\/span><\/li>\n<li><span style=\"font-weight: 400;\">Un titular machista arruina un texto bien enfocado: recuerda que puedes negarte a firmar una pieza que es contrario a la deontolog\u00eda period\u00edstica y a tus principios, y nosotras recordaremos que a veces el redactor o el redactora no es quien ha decidido un titular machista.<\/span><\/li>\n<\/ul>\n<p><b>Una buena pr\u00e1ctica::<\/b><\/p>\n<pre class=\"landscapePhotoRight__title\"><a href=\"https:\/\/www.elconfidencial.com\/mundo\/europa\/2020-02-20\/incel-ultraderechista-y-paranoico-tobias-alemania_2463871\/\" target=\"_blank\" rel=\"noopener\">Incel, ultraderechista y paranoico: as\u00ed era Tobias, el autor del atentado en Alemania<\/a>\r\nA diferencia de titulares que establecieron una causa-efecto entre el celibato de este hombre de ultraderecha y sus atentados, el titular de El Confidencial pone el foco en su ideolog\u00eda.<\/pre>\n<h2 id=\"8\"><span style=\"font-weight: 400;\">Tipo 8- Culpar a la v\u00edctima<\/span><\/h2>\n<p><span style=\"font-weight: 400;\">En este caso, extraemos las \u2018Recomendaciones para informar sobre agresiones sexuales\u2019 elaboradas por Isabel Muntan\u00e9 y Violeta Garc\u00eda, dentro del informe Dones Valentes de la cooperativa feminista Almena. Este trabajo es muy valioso no solo por su contenido sino por el proceso de elaboraci\u00f3n, a partir del trabajo conjunto entre mujeres que han sufrido agresiones sexuales y profesionales del periodismo.\u00a0<\/span><\/p>\n<p><span style=\"font-weight: 400;\">De hecho, a las recomendaciones que siguen a\u00f1adimos la de contar con expertas y con supervivientes de violencias machistas como fuentes autorizadas para interpretar noticias.<\/span><\/p>\n<p><b>No atribuir la responsabilidad a las v\u00edctimas<\/b><\/p>\n<p><span style=\"font-weight: 400;\">Los delitos contra la libertad sexual son los \u00fanicos donde las v\u00edctimas tenemos que demostrar nuestra inocencia.\u00a0<\/span><\/p>\n<p><b>Las mujeres no tenemos que justificar nuestra respuesta a la agresi\u00f3n sexual.\u00a0<\/b><\/p>\n<p><span style=\"font-weight: 400;\">Una agresi\u00f3n sexual es siempre un delito, independientemente de la respuesta de quien la ha sufrido.\u00a0<\/span><\/p>\n<p><b>Las mujeres no tenemos que demostrar que hemos sufrido lesiones f\u00edsicas ni el uso de la fuerza.\u00a0<\/b><\/p>\n<p><span style=\"font-weight: 400;\">El imaginario colectivo no se corresponde con la realidad: en la mayor\u00eda de las agresiones sexuales no hay heridas f\u00edsicas ni uso de fuerza extrema<\/span><\/p>\n<p><b>Evitar focalizar la informaci\u00f3n en datos circunstanciales:\u00a0<\/b><\/p>\n<ul>\n<li><span style=\"font-weight: 400;\"> Hab\u00eda bebido. \u2022 Se fue con un desconocido. \u2022 Iba sola. \u2022 Era de noche.\u00a0<\/span><\/li>\n<\/ul>\n<p><span style=\"font-weight: 400;\">No insistir en estos aspectos para cuestionar nuestro comportamiento y por tanto responsabilizarnos de la agresi\u00f3n. Usarlos s\u00f3lo cuando sirvan para demostrar la premeditaci\u00f3n y alevos\u00eda del agresor.\u00a0<\/span><\/p>\n<p><b>Evitar hacer juicios de valor de las relaciones sexoafectivas entre agresor y agredida.\u00a0<\/b><\/p>\n<p><span style=\"font-weight: 400;\">Las relaciones sexoafectivas que tuvi\u00e9ramos o hubi\u00e9ramos tenido con el agresor no influencian ni restan importancia a la agresi\u00f3n sexual.<\/span><\/p>\n<p><b>No difuminar la responsabilidad de los agresores<\/b><span style=\"font-weight: 400;\">\u00a0<\/span><\/p>\n<p><b>Los \u00fanicos responsables de las agresiones sexuales son los hombres agresores.\u00a0<\/b><\/p>\n<ul>\n<li><span style=\"font-weight: 400;\"> Todos los agresores son responsables de sus actos.\u00a0<\/span><\/li>\n<li><span style=\"font-weight: 400;\"> Los factores externos (la presi\u00f3n de grupo, el consumo de alcohol o drogas) pueden actuar de catalizadores pero no son la causa de las agresiones.\u00a0<\/span><\/li>\n<li><span style=\"font-weight: 400;\"> No focalizar la responsabilidad sobre otras personas (madres, padres, profesionales de la educaci\u00f3n&#8230;).\u00a0<\/span><\/li>\n<\/ul>\n<p><b>No presentar los agresores como hombres no integrados en la sociedad.\u00a0<\/b><\/p>\n<ul>\n<li><span style=\"font-weight: 400;\"> Los agresores pertenecen a todas las clases sociales y nacionalidades, y la mayor\u00eda tienen una vida cotidiana rutinaria.\u00a0<\/span><\/li>\n<li><span style=\"font-weight: 400;\"> La mayor\u00eda de los agresores son hombres conocidos y de nuestro entorno de confianza. <\/span><b>Las agresiones no son hechos fortuitos motivados por un impulso, sino acciones premeditadas.<\/b><\/li>\n<\/ul>\n<p><span style=\"font-weight: 400;\">\u00a0Los agresores saben lo que hacen, y no act\u00faan movidos por el deseo sexual ni por ninguna disfunci\u00f3n sexual, sino para humillar y ejercer poder sobre las mujeres, adolescentes, ni\u00f1as y ni\u00f1os.\u00a0<\/span><\/p>\n<p><b>Cuando el agresor sea una persona p\u00fablica evitar magnificar su posici\u00f3n social para desvincularlo de la agresi\u00f3n.\u00a0<\/b><\/p>\n<p><span style=\"font-weight: 400;\">Evitar utilizar las im\u00e1genes para mostrar el agresor como un triunfador o en un contexto que nos remita m\u00e1s a su posici\u00f3n y carrera profesional que al papel de sujeto perpetrador de la agresi\u00f3n. Cuando se destaque el estatus, que sea como elemento agravante de la agresi\u00f3n y de impunidad.<\/span><\/p>\n<pre><b>Una buena pr\u00e1ctica:\r\n\r\n<\/b><a href=\"https:\/\/www.lavanguardia.com\/vida\/20210406\/6631640\/juicio-manada-sabadell-fiscal-revictimizacion.html\" target=\"_blank\" rel=\"noopener\"><b>El duro interrogatorio del fiscal a la v\u00edctima de 'la Manada' de Sabadell: \u201c\u00bfEst\u00e1 segura de eso?<\/b><\/a>\r\n\r\nEsta cr\u00f3nica de Toni Mu\u00f1oz en La Vanguardia <span style=\"font-weight: 400;\">pone el foco en c\u00f3mo los jueces machistas interrogan a las v\u00edctimas y que incluso emplea en el subt\u00edtulo el t\u00e9rmino \u201crevictimizaci\u00f3n\u201d, sin entrecomillarlo.\r\n\r\n<\/span><\/pre>\n<h2 id=\"9\"><span style=\"font-weight: 400;\">Tipo 9- <\/span><span style=\"font-weight: 400;\">Romantizar o minimizar la violencia machista<\/span><\/h2>\n<ul>\n<li style=\"font-weight: 400;\" aria-level=\"1\"><span style=\"font-weight: 400;\">Transmitiremos en las noticias sobre violencias machistas que no se tratan de sucesos aislados, sino que se enmarcan en una desigualdad estructural dentro de una cultura patriarcal.\u00a0<\/span><\/li>\n<li style=\"font-weight: 400;\" aria-level=\"1\"><span style=\"font-weight: 400;\">No desviaremos la atenci\u00f3n hacia detalles banales o fr\u00edvolos que resten gravedad a los hechos o introduzcan sensacionalismo.\u00a0<\/span><\/li>\n<li style=\"font-weight: 400;\" aria-level=\"1\"><span style=\"font-weight: 400;\">En vez de reproducir acr\u00edticamente testimonios del entorno del agresor ensalzando sus virtudes, buscaremos en la informaci\u00f3n recabada elementos que puedan explicar su participaci\u00f3n en delitos relacionados con las violencias machistas, tales como los antecedentes o los discursos mis\u00f3ginos.<\/span><\/li>\n<li style=\"font-weight: 400;\" aria-level=\"1\"><span style=\"font-weight: 400;\">No estableceremos una relaci\u00f3n causa-efecto entre conductas machistas y rasgos de los agresores como la nacionalidad o los diagn\u00f3sticos psiqui\u00e1tricos, ya que desv\u00edan el foco de las violencias machistas y alimentan prejuicios y estereotipos hacia comunidades marcadas por otras formas de discriminaci\u00f3n.\u00a0<\/span><\/li>\n<li style=\"font-weight: 400;\" aria-level=\"1\"><span style=\"font-weight: 400;\">En caso de que las v\u00edctimas se encuentren en una situaci\u00f3n que implique una mayor desprotecci\u00f3n o estigma (como puede ser la condici\u00f3n de migradas o el contexto de prostituci\u00f3n), lo expresaremos de forma que se entienda ese factor de desigualdad a\u00f1adida.<\/span><\/li>\n<li style=\"font-weight: 400;\" aria-level=\"1\"><span style=\"font-weight: 400;\">Los medios de comunicaci\u00f3n tienen una importante responsabilidad a la hora de no confundir relaciones sexuales consensuadas con contextos en los que no cabe el consentimiento: entre otros, cuando las v\u00edctimas son menores de edad o son a su vez v\u00edctimas de explotaci\u00f3n sexual.<\/span><\/li>\n<\/ul>\n","protected":false},"excerpt":{"rendered":"<p>Claves para un periodismo libre de machismo Tipo 1- Uso problem\u00e1tico de la palabra \u2018mujer\u2019 No abusaremos de la f\u00f3rmula \u00abla primera mujer que\u2026\u00bb, para evitar el s\u00edndrome de la eterna pionera. Incluiremos en el titular y en el subt\u00edtulo informaci\u00f3n relevante que d\u00e9 m\u00e1s pistas sobre el perfil de la protagonista, en vez de&#8230;<\/p>\n","protected":false},"author":1,"featured_media":0,"parent":0,"menu_order":0,"comment_status":"closed","ping_status":"closed","template":"","meta":{"_acf_changed":false,"footnotes":""},"class_list":["post-12471","page","type-page","status-publish","hentry"],"acf":[],"yoast_head":"<!-- This site is optimized with the Yoast SEO plugin v27.5 - https:\/\/yoast.com\/product\/yoast-seo-wordpress\/ -->\n<title>Claves para un periodismo libre de machismo - Observatorio del Periodismo Machista<\/title>\n<meta name=\"robots\" content=\"index, follow, max-snippet:-1, max-image-preview:large, max-video-preview:-1\" \/>\n<link rel=\"canonical\" href=\"https:\/\/periodismomachista.com\/eu\/consejos\/\" \/>\n<meta property=\"og:locale\" content=\"eu_ES\" \/>\n<meta property=\"og:type\" content=\"article\" \/>\n<meta property=\"og:title\" content=\"Claves para un periodismo libre de machismo - Observatorio del Periodismo Machista\" \/>\n<meta property=\"og:description\" content=\"Claves para un periodismo libre de machismo Tipo 1- Uso problem\u00e1tico de la palabra \u2018mujer\u2019 No abusaremos de la f\u00f3rmula \u00abla primera mujer que\u2026\u00bb, para evitar el s\u00edndrome de la eterna pionera. Incluiremos en el titular y en el subt\u00edtulo informaci\u00f3n relevante que d\u00e9 m\u00e1s pistas sobre el perfil de la protagonista, en vez de...\" \/>\n<meta property=\"og:url\" content=\"https:\/\/periodismomachista.com\/eu\/consejos\/\" \/>\n<meta property=\"og:site_name\" content=\"Observatorio del Periodismo Machista\" \/>\n<meta property=\"article:modified_time\" content=\"2026-03-23T11:05:17+00:00\" \/>\n<meta name=\"twitter:card\" content=\"summary_large_image\" \/>\n<meta name=\"twitter:site\" content=\"@pemachista\" \/>\n<meta name=\"twitter:label1\" content=\"Est. reading time\" \/>\n\t<meta name=\"twitter:data1\" content=\"11 minutes\" \/>\n<script type=\"application\/ld+json\" class=\"yoast-schema-graph\">{\"@context\":\"https:\\\/\\\/schema.org\",\"@graph\":[{\"@type\":\"WebPage\",\"@id\":\"https:\\\/\\\/periodismomachista.com\\\/eu\\\/consejos\\\/\",\"url\":\"https:\\\/\\\/periodismomachista.com\\\/eu\\\/consejos\\\/\",\"name\":\"Claves para un periodismo libre de machismo - Observatorio del Periodismo Machista\",\"isPartOf\":{\"@id\":\"https:\\\/\\\/periodismomachista.com\\\/eu\\\/#website\"},\"datePublished\":\"2025-11-18T15:11:21+00:00\",\"dateModified\":\"2026-03-23T11:05:17+00:00\",\"breadcrumb\":{\"@id\":\"https:\\\/\\\/periodismomachista.com\\\/eu\\\/consejos\\\/#breadcrumb\"},\"inLanguage\":\"eu-ES\",\"potentialAction\":[{\"@type\":\"ReadAction\",\"target\":[\"https:\\\/\\\/periodismomachista.com\\\/eu\\\/consejos\\\/\"]}]},{\"@type\":\"BreadcrumbList\",\"@id\":\"https:\\\/\\\/periodismomachista.com\\\/eu\\\/consejos\\\/#breadcrumb\",\"itemListElement\":[{\"@type\":\"ListItem\",\"position\":1,\"name\":\"Portada\",\"item\":\"https:\\\/\\\/periodismomachista.com\\\/eu\\\/\"},{\"@type\":\"ListItem\",\"position\":2,\"name\":\"Claves para un periodismo libre de machismo\"}]},{\"@type\":\"WebSite\",\"@id\":\"https:\\\/\\\/periodismomachista.com\\\/eu\\\/#website\",\"url\":\"https:\\\/\\\/periodismomachista.com\\\/eu\\\/\",\"name\":\"Observatorio del Periodismo Machista\",\"description\":\"\",\"publisher\":{\"@id\":\"https:\\\/\\\/periodismomachista.com\\\/eu\\\/#organization\"},\"potentialAction\":[{\"@type\":\"SearchAction\",\"target\":{\"@type\":\"EntryPoint\",\"urlTemplate\":\"https:\\\/\\\/periodismomachista.com\\\/eu\\\/?s={search_term_string}\"},\"query-input\":{\"@type\":\"PropertyValueSpecification\",\"valueRequired\":true,\"valueName\":\"search_term_string\"}}],\"inLanguage\":\"eu-ES\"},{\"@type\":\"Organization\",\"@id\":\"https:\\\/\\\/periodismomachista.com\\\/eu\\\/#organization\",\"name\":\"Observatorio del Periodismo Machista\",\"url\":\"https:\\\/\\\/periodismomachista.com\\\/eu\\\/\",\"logo\":{\"@type\":\"ImageObject\",\"inLanguage\":\"eu-ES\",\"@id\":\"https:\\\/\\\/periodismomachista.com\\\/eu\\\/#\\\/schema\\\/logo\\\/image\\\/\",\"url\":\"https:\\\/\\\/periodismomachista.com\\\/wp-content\\\/uploads\\\/2024\\\/03\\\/ALTA-cuadradoOK-pmachista.png\",\"contentUrl\":\"https:\\\/\\\/periodismomachista.com\\\/wp-content\\\/uploads\\\/2024\\\/03\\\/ALTA-cuadradoOK-pmachista.png\",\"width\":838,\"height\":838,\"caption\":\"Observatorio del Periodismo Machista\"},\"image\":{\"@id\":\"https:\\\/\\\/periodismomachista.com\\\/eu\\\/#\\\/schema\\\/logo\\\/image\\\/\"},\"sameAs\":[\"https:\\\/\\\/x.com\\\/pemachista\",\"https:\\\/\\\/www.tiktok.com\\\/@periodismomachista\",\"https:\\\/\\\/www.instagram.com\\\/periodismomachista\"]}]}<\/script>\n<!-- \/ Yoast SEO plugin. -->","yoast_head_json":{"title":"Claves para un periodismo libre de machismo - Observatorio del Periodismo Machista","robots":{"index":"index","follow":"follow","max-snippet":"max-snippet:-1","max-image-preview":"max-image-preview:large","max-video-preview":"max-video-preview:-1"},"canonical":"https:\/\/periodismomachista.com\/eu\/consejos\/","og_locale":"eu_ES","og_type":"article","og_title":"Claves para un periodismo libre de machismo - Observatorio del Periodismo Machista","og_description":"Claves para un periodismo libre de machismo Tipo 1- Uso problem\u00e1tico de la palabra \u2018mujer\u2019 No abusaremos de la f\u00f3rmula \u00abla primera mujer que\u2026\u00bb, para evitar el s\u00edndrome de la eterna pionera. Incluiremos en el titular y en el subt\u00edtulo informaci\u00f3n relevante que d\u00e9 m\u00e1s pistas sobre el perfil de la protagonista, en vez de...","og_url":"https:\/\/periodismomachista.com\/eu\/consejos\/","og_site_name":"Observatorio del Periodismo Machista","article_modified_time":"2026-03-23T11:05:17+00:00","twitter_card":"summary_large_image","twitter_site":"@pemachista","twitter_misc":{"Est. reading time":"11 minutes"},"schema":{"@context":"https:\/\/schema.org","@graph":[{"@type":"WebPage","@id":"https:\/\/periodismomachista.com\/eu\/consejos\/","url":"https:\/\/periodismomachista.com\/eu\/consejos\/","name":"Claves para un periodismo libre de machismo - Observatorio del Periodismo Machista","isPartOf":{"@id":"https:\/\/periodismomachista.com\/eu\/#website"},"datePublished":"2025-11-18T15:11:21+00:00","dateModified":"2026-03-23T11:05:17+00:00","breadcrumb":{"@id":"https:\/\/periodismomachista.com\/eu\/consejos\/#breadcrumb"},"inLanguage":"eu-ES","potentialAction":[{"@type":"ReadAction","target":["https:\/\/periodismomachista.com\/eu\/consejos\/"]}]},{"@type":"BreadcrumbList","@id":"https:\/\/periodismomachista.com\/eu\/consejos\/#breadcrumb","itemListElement":[{"@type":"ListItem","position":1,"name":"Portada","item":"https:\/\/periodismomachista.com\/eu\/"},{"@type":"ListItem","position":2,"name":"Claves para un periodismo libre de machismo"}]},{"@type":"WebSite","@id":"https:\/\/periodismomachista.com\/eu\/#website","url":"https:\/\/periodismomachista.com\/eu\/","name":"Observatorio del Periodismo Machista","description":"","publisher":{"@id":"https:\/\/periodismomachista.com\/eu\/#organization"},"potentialAction":[{"@type":"SearchAction","target":{"@type":"EntryPoint","urlTemplate":"https:\/\/periodismomachista.com\/eu\/?s={search_term_string}"},"query-input":{"@type":"PropertyValueSpecification","valueRequired":true,"valueName":"search_term_string"}}],"inLanguage":"eu-ES"},{"@type":"Organization","@id":"https:\/\/periodismomachista.com\/eu\/#organization","name":"Observatorio del Periodismo Machista","url":"https:\/\/periodismomachista.com\/eu\/","logo":{"@type":"ImageObject","inLanguage":"eu-ES","@id":"https:\/\/periodismomachista.com\/eu\/#\/schema\/logo\/image\/","url":"https:\/\/periodismomachista.com\/wp-content\/uploads\/2024\/03\/ALTA-cuadradoOK-pmachista.png","contentUrl":"https:\/\/periodismomachista.com\/wp-content\/uploads\/2024\/03\/ALTA-cuadradoOK-pmachista.png","width":838,"height":838,"caption":"Observatorio del Periodismo Machista"},"image":{"@id":"https:\/\/periodismomachista.com\/eu\/#\/schema\/logo\/image\/"},"sameAs":["https:\/\/x.com\/pemachista","https:\/\/www.tiktok.com\/@periodismomachista","https:\/\/www.instagram.com\/periodismomachista"]}]}},"_links":{"self":[{"href":"https:\/\/periodismomachista.com\/eu\/wp-json\/wp\/v2\/pages\/12471","targetHints":{"allow":["GET"]}}],"collection":[{"href":"https:\/\/periodismomachista.com\/eu\/wp-json\/wp\/v2\/pages"}],"about":[{"href":"https:\/\/periodismomachista.com\/eu\/wp-json\/wp\/v2\/types\/page"}],"author":[{"embeddable":true,"href":"https:\/\/periodismomachista.com\/eu\/wp-json\/wp\/v2\/users\/1"}],"replies":[{"embeddable":true,"href":"https:\/\/periodismomachista.com\/eu\/wp-json\/wp\/v2\/comments?post=12471"}],"version-history":[{"count":38,"href":"https:\/\/periodismomachista.com\/eu\/wp-json\/wp\/v2\/pages\/12471\/revisions"}],"predecessor-version":[{"id":12625,"href":"https:\/\/periodismomachista.com\/eu\/wp-json\/wp\/v2\/pages\/12471\/revisions\/12625"}],"wp:attachment":[{"href":"https:\/\/periodismomachista.com\/eu\/wp-json\/wp\/v2\/media?parent=12471"}],"curies":[{"name":"wp","href":"https:\/\/api.w.org\/{rel}","templated":true}]}}